{"id":2324,"date":"2024-06-25T15:35:05","date_gmt":"2024-06-25T13:35:05","guid":{"rendered":"https:\/\/oudheidkamertexel.nl\/geschichten-von-fruher\/de-vuurmand\/"},"modified":"2025-04-30T12:44:28","modified_gmt":"2025-04-30T10:44:28","slug":"der-feuerkorb","status":"publish","type":"page","link":"https:\/\/oudheidkamertexel.nl\/de\/geschichten-von-fruher\/der-feuerkorb\/","title":{"rendered":"Der Feuerkorb"},"content":{"rendered":"<section class=\"wp-block  alignfull block-room  circle-shapes\" id=\"block-room-block_25e1cf65f7ebb5621d07a344e72173d7\">\n            <div class=\"row align-center\">\n            <div class=\"column small-12 large-8\">\n                <div class=\"text-center special-text\">\n                                            <span>F\u00fcr die kalten Winter<\/span>\n                                                                <h2>Der Feuerkorb<\/h2>\n                                        <p>Wie kalt muss es im Winter gewesen sein, in einem so zugigen Haus mit einfachen Steinmauern und einfachen Fenstern! Vor allem, wenn man bedenkt, dass die Winter viel strenger waren als heute. Nat\u00fcrlich hilft es, wenn man dicke Kleidung anhat, aber ein Baby muss beim Wickeln trotzdem den Po entbl\u00f6\u00dfen. Zum Gl\u00fcck gab es den Feuerkorb.<\/p>\n                <\/div>\n            <\/div>\n        <\/div>\n    \n    <div class=\"row expanded small-up-1 large-up-3 \">\n            <\/div>\n<\/section>\n\n\n<section class=\"image-text wp-block alignfull image-text--image-right\" id=\"text-image-block_b939b43d5b2e75ca0a56afc34f66a6ca\">\n\t<div class=\"row align-middle\">\n\t\t\t\t\t<div class=\"column small-12 large-6 image-text__text-col\">\n\t\t\t\t<div class=\"px-l\">\n\t\t\t\t\t\t\t\t\t\t\t\t\t\t\t\t\t<h2 class=\"image-text__title\">Windeln erw\u00e4rmen und trocknen<\/h2>\n\t\t\t\t\t\t\t\t\t\t\t\t\t\t\t\t<div class=\"image-text__text\">\n\t\t\t\t\t\t\t<p>Auf einem Feuerkorb wurden Windeln und T\u00fccher erhitzt. Neben der Bettstelle im Hinterzimmer steht ein solcher Feuerkorb. In einer h\u00e4ngenden Schale wurden gl\u00fchende Kohlen unter dem Korb platziert. Diese erw\u00e4rmten die dar\u00fcber h\u00e4ngenden T\u00fccher. Auch Windeln, in die nur gepinkelt worden war, wurden zum Trocknen in den Feuerkorb geh\u00e4ngt. Ohne sie vorher zu waschen! Auch das Baby selbst konnte in den Korb gelegt werden, um sich aufzuw\u00e4rmen.<\/p>\n\t\t\t\t\t\t<\/div>\n\t\t\t\t\t\t\t\t\t\t\t\t\t\t<\/div>\n\t\t\t<\/div>\n\t\t\t\t\t\t\t<div class=\"column small-12 large-6 image-text__image-col\">\n\t\t\t\t<img class=\"image-text__image lazyload aspect-ratio-12-8\" data-src=\"https:\/\/oudheidkamertexel.nl\/wp-content\/uploads\/2024\/07\/vuurbaak-1200x800.jpg\" alt=\"Een vuurmand in de achterkamer van Oudheidkamer Texel\" \/>\n\t\t\t<\/div>\n\t\t\t<\/div>\n<\/section>\n\n<section class=\"wp-block alignfull more-items\" id=\"more-items-block_278f1dca5739032a2b49363cac5199aa\">\n\t<div class=\"row text-center align-center pb-s\">\n\t\t<div class=\"column small-12 large-6\">\n\t\t\t<h2>Mehr erfahren?<\/h2>\t\t\t\t\t<\/div> \n\t<\/div>\n\t<div class=\"row small-up-1 medium-up-2 large-up-3 flex-grow\">\n\t\t\t\t\t<div class=\"column\">\n\t\t\t\t<a href=\"https:\/\/oudheidkamertexel.nl\/de\/was-gibt-es-dort-zu-sehen\/das-obergeschoss\/\" class=\"card grow card--white\">\n\t\t\t\t\t<img class=\"card__image lazyload aspect-ratio-6-4\" data-src=\"https:\/\/oudheidkamertexel.nl\/wp-content\/uploads\/2026\/04\/Header-Boven-de-Bank-website-600x400.jpg\" alt=\"Twee jonge vrouwen kijken in een fotoboek, zittend op een bank met schilderijen erboven\" \/>\n\t\t\t\t\t<div class=\"card__content grow\">\n\t\t\t\t\t\t<h3 class=\"h4 card__title\">Das Obergeschoss<\/h3>\n\t\t\t\t\t\t<div class=\"card__text text-grow\">\n\t\t\t\t\t\t\t<p>Szenen aus Texel<\/p>\n\t\t\t\t\t\t<\/div>\n\t\t\t\t\t\t<button class=\"button card__button\"><\/button>\n\t\t\t\t\t<\/div>\n\t\t\t\t<\/a>\n\t\t\t<\/div>\n\t\t\t\t\t<div class=\"column\">\n\t\t\t\t<a href=\"https:\/\/oudheidkamertexel.nl\/de\/was-gibt-es-dort-zu-sehen\/\" class=\"card grow card--white\">\n\t\t\t\t\t<img class=\"card__image lazyload aspect-ratio-6-4\" data-src=\"https:\/\/oudheidkamertexel.nl\/wp-content\/uploads\/2024\/07\/header-jongens-carrousel-11-600x400.jpg\" alt=\"Twee jongens kijken naar het speelgoed van de generatie van hun oma in de tentoonstelling Spelen met het Verleden\" \/>\n\t\t\t\t\t<div class=\"card__content grow\">\n\t\t\t\t\t\t<h3 class=\"h4 card__title\">Was gibt es dort zu sehen?<\/h3>\n\t\t\t\t\t\t<div class=\"card__text text-grow\">\n\t\t\t\t\t\t\t<p>Ein Haus, in dem die Zeit stehen geblieben ist<\/p>\n\t\t\t\t\t\t<\/div>\n\t\t\t\t\t\t<button class=\"button card__button\"><\/button>\n\t\t\t\t\t<\/div>\n\t\t\t\t<\/a>\n\t\t\t<\/div>\n\t\t\t\t\t<div class=\"column\">\n\t\t\t\t<a href=\"https:\/\/oudheidkamertexel.nl\/de\/karten-information\/\" class=\"card grow card--white\">\n\t\t\t\t\t<img class=\"card__image lazyload aspect-ratio-6-4\" data-src=\"https:\/\/oudheidkamertexel.nl\/wp-content\/uploads\/2024\/07\/Header-over-ons--600x400.jpg\" alt=\"Detail van de deurkalf boven de entree van de Oudheidkamer\" \/>\n\t\t\t\t\t<div class=\"card__content grow\">\n\t\t\t\t\t\t<h3 class=\"h4 card__title\">Karten &amp; Information<\/h3>\n\t\t\t\t\t\t<div class=\"card__text text-grow\">\n\t\t\t\t\t\t\t<p>Karten, Information und Barrierefreiheit<\/p>\n\t\t\t\t\t\t<\/div>\n\t\t\t\t\t\t<button class=\"button card__button\"><\/button>\n\t\t\t\t\t<\/div>\n\t\t\t\t<\/a>\n\t\t\t<\/div>\n\t\t\t<\/div>\n<\/section>\n","protected":false},"excerpt":{"rendered":"<p>F\u00fcr warme, trockene Windeln<\/p>\n","protected":false},"author":2,"featured_media":1636,"parent":2294,"menu_order":42,"comment_status":"closed","ping_status":"closed","template":"page-templates\/small-header-text.php","meta":{"_acf_changed":false,"footnotes":""},"class_list":["post-2324","page","type-page","status-publish","has-post-thumbnail","hentry"],"acf":[],"yoast_head":"<!-- This site is optimized with the Yoast SEO plugin v27.5 - https:\/\/yoast.com\/product\/yoast-seo-wordpress\/ -->\n<title>Der Feuerkorb - Oudheidkamer Texel<\/title>\n<meta name=\"description\" content=\"F\u00fcr warme, trockene Windeln\" \/>\n<meta name=\"robots\" content=\"index, follow, max-snippet:-1, max-image-preview:large, max-video-preview:-1\" \/>\n<link rel=\"canonical\" href=\"https:\/\/oudheidkamertexel.nl\/de\/geschichten-von-fruher\/der-feuerkorb\/\" \/>\n<meta property=\"og:locale\" content=\"de_DE\" \/>\n<meta property=\"og:type\" content=\"article\" \/>\n<meta property=\"og:title\" content=\"Der Feuerkorb - Oudheidkamer Texel\" \/>\n<meta property=\"og:description\" content=\"F\u00fcr warme, trockene Windeln\" \/>\n<meta property=\"og:url\" content=\"https:\/\/oudheidkamertexel.nl\/de\/geschichten-von-fruher\/der-feuerkorb\/\" \/>\n<meta property=\"og:site_name\" content=\"Oudheidkamer Texel\" \/>\n<meta property=\"article:modified_time\" content=\"2025-04-30T10:44:28+00:00\" \/>\n<meta property=\"og:image\" content=\"https:\/\/oudheidkamertexel.nl\/wp-content\/uploads\/2024\/07\/vuurbaak-scaled.jpg\" \/>\n\t<meta property=\"og:image:width\" content=\"2560\" \/>\n\t<meta property=\"og:image:height\" content=\"1920\" \/>\n\t<meta property=\"og:image:type\" content=\"image\/jpeg\" \/>\n<meta name=\"twitter:card\" content=\"summary_large_image\" \/>\n<meta name=\"twitter:label1\" content=\"Est. reading time\" \/>\n\t<meta name=\"twitter:data1\" content=\"1 minute\" \/>\n<script type=\"application\/ld+json\" class=\"yoast-schema-graph\">{\"@context\":\"https:\\\/\\\/schema.org\",\"@graph\":[{\"@type\":\"WebPage\",\"@id\":\"https:\\\/\\\/oudheidkamertexel.nl\\\/de\\\/geschichten-von-fruher\\\/der-feuerkorb\\\/\",\"url\":\"https:\\\/\\\/oudheidkamertexel.nl\\\/de\\\/geschichten-von-fruher\\\/der-feuerkorb\\\/\",\"name\":\"Der Feuerkorb - Oudheidkamer Texel\",\"isPartOf\":{\"@id\":\"https:\\\/\\\/oudheidkamertexel.nl\\\/de\\\/#website\"},\"primaryImageOfPage\":{\"@id\":\"https:\\\/\\\/oudheidkamertexel.nl\\\/de\\\/geschichten-von-fruher\\\/der-feuerkorb\\\/#primaryimage\"},\"image\":{\"@id\":\"https:\\\/\\\/oudheidkamertexel.nl\\\/de\\\/geschichten-von-fruher\\\/der-feuerkorb\\\/#primaryimage\"},\"thumbnailUrl\":\"https:\\\/\\\/oudheidkamertexel.nl\\\/wp-content\\\/uploads\\\/2024\\\/07\\\/vuurbaak-scaled.jpg\",\"datePublished\":\"2024-06-25T13:35:05+00:00\",\"dateModified\":\"2025-04-30T10:44:28+00:00\",\"breadcrumb\":{\"@id\":\"https:\\\/\\\/oudheidkamertexel.nl\\\/de\\\/geschichten-von-fruher\\\/der-feuerkorb\\\/#breadcrumb\"},\"inLanguage\":\"de-DE\",\"potentialAction\":[{\"@type\":\"ReadAction\",\"target\":[\"https:\\\/\\\/oudheidkamertexel.nl\\\/de\\\/geschichten-von-fruher\\\/der-feuerkorb\\\/\"]}]},{\"@type\":\"ImageObject\",\"inLanguage\":\"de-DE\",\"@id\":\"https:\\\/\\\/oudheidkamertexel.nl\\\/de\\\/geschichten-von-fruher\\\/der-feuerkorb\\\/#primaryimage\",\"url\":\"https:\\\/\\\/oudheidkamertexel.nl\\\/wp-content\\\/uploads\\\/2024\\\/07\\\/vuurbaak-scaled.jpg\",\"contentUrl\":\"https:\\\/\\\/oudheidkamertexel.nl\\\/wp-content\\\/uploads\\\/2024\\\/07\\\/vuurbaak-scaled.jpg\",\"width\":2560,\"height\":1920,\"caption\":\"Een vuurmand in de achterkamer van Oudheidkamer Texel\"},{\"@type\":\"BreadcrumbList\",\"@id\":\"https:\\\/\\\/oudheidkamertexel.nl\\\/de\\\/geschichten-von-fruher\\\/der-feuerkorb\\\/#breadcrumb\",\"itemListElement\":[{\"@type\":\"ListItem\",\"position\":1,\"name\":\"Home\",\"item\":\"https:\\\/\\\/oudheidkamertexel.nl\\\/de\\\/\"},{\"@type\":\"ListItem\",\"position\":2,\"name\":\"Geschichten von fr\u00fcher\",\"item\":\"https:\\\/\\\/oudheidkamertexel.nl\\\/de\\\/geschichten-von-fruher\\\/\"},{\"@type\":\"ListItem\",\"position\":3,\"name\":\"Der Feuerkorb\"}]},{\"@type\":\"WebSite\",\"@id\":\"https:\\\/\\\/oudheidkamertexel.nl\\\/de\\\/#website\",\"url\":\"https:\\\/\\\/oudheidkamertexel.nl\\\/de\\\/\",\"name\":\"Oudheidkamer Texel\",\"description\":\"\",\"potentialAction\":[{\"@type\":\"SearchAction\",\"target\":{\"@type\":\"EntryPoint\",\"urlTemplate\":\"https:\\\/\\\/oudheidkamertexel.nl\\\/de\\\/?s={search_term_string}\"},\"query-input\":{\"@type\":\"PropertyValueSpecification\",\"valueRequired\":true,\"valueName\":\"search_term_string\"}}],\"inLanguage\":\"de-DE\"}]}<\/script>\n<!-- \/ Yoast SEO plugin. -->","yoast_head_json":{"title":"Der Feuerkorb - Oudheidkamer Texel","description":"F\u00fcr warme, trockene Windeln","robots":{"index":"index","follow":"follow","max-snippet":"max-snippet:-1","max-image-preview":"max-image-preview:large","max-video-preview":"max-video-preview:-1"},"canonical":"https:\/\/oudheidkamertexel.nl\/de\/geschichten-von-fruher\/der-feuerkorb\/","og_locale":"de_DE","og_type":"article","og_title":"Der Feuerkorb - Oudheidkamer Texel","og_description":"F\u00fcr warme, trockene Windeln","og_url":"https:\/\/oudheidkamertexel.nl\/de\/geschichten-von-fruher\/der-feuerkorb\/","og_site_name":"Oudheidkamer Texel","article_modified_time":"2025-04-30T10:44:28+00:00","og_image":[{"width":2560,"height":1920,"url":"https:\/\/oudheidkamertexel.nl\/wp-content\/uploads\/2024\/07\/vuurbaak-scaled.jpg","type":"image\/jpeg"}],"twitter_card":"summary_large_image","twitter_misc":{"Est. reading time":"1 minute"},"schema":{"@context":"https:\/\/schema.org","@graph":[{"@type":"WebPage","@id":"https:\/\/oudheidkamertexel.nl\/de\/geschichten-von-fruher\/der-feuerkorb\/","url":"https:\/\/oudheidkamertexel.nl\/de\/geschichten-von-fruher\/der-feuerkorb\/","name":"Der Feuerkorb - Oudheidkamer Texel","isPartOf":{"@id":"https:\/\/oudheidkamertexel.nl\/de\/#website"},"primaryImageOfPage":{"@id":"https:\/\/oudheidkamertexel.nl\/de\/geschichten-von-fruher\/der-feuerkorb\/#primaryimage"},"image":{"@id":"https:\/\/oudheidkamertexel.nl\/de\/geschichten-von-fruher\/der-feuerkorb\/#primaryimage"},"thumbnailUrl":"https:\/\/oudheidkamertexel.nl\/wp-content\/uploads\/2024\/07\/vuurbaak-scaled.jpg","datePublished":"2024-06-25T13:35:05+00:00","dateModified":"2025-04-30T10:44:28+00:00","breadcrumb":{"@id":"https:\/\/oudheidkamertexel.nl\/de\/geschichten-von-fruher\/der-feuerkorb\/#breadcrumb"},"inLanguage":"de-DE","potentialAction":[{"@type":"ReadAction","target":["https:\/\/oudheidkamertexel.nl\/de\/geschichten-von-fruher\/der-feuerkorb\/"]}]},{"@type":"ImageObject","inLanguage":"de-DE","@id":"https:\/\/oudheidkamertexel.nl\/de\/geschichten-von-fruher\/der-feuerkorb\/#primaryimage","url":"https:\/\/oudheidkamertexel.nl\/wp-content\/uploads\/2024\/07\/vuurbaak-scaled.jpg","contentUrl":"https:\/\/oudheidkamertexel.nl\/wp-content\/uploads\/2024\/07\/vuurbaak-scaled.jpg","width":2560,"height":1920,"caption":"Een vuurmand in de achterkamer van Oudheidkamer Texel"},{"@type":"BreadcrumbList","@id":"https:\/\/oudheidkamertexel.nl\/de\/geschichten-von-fruher\/der-feuerkorb\/#breadcrumb","itemListElement":[{"@type":"ListItem","position":1,"name":"Home","item":"https:\/\/oudheidkamertexel.nl\/de\/"},{"@type":"ListItem","position":2,"name":"Geschichten von fr\u00fcher","item":"https:\/\/oudheidkamertexel.nl\/de\/geschichten-von-fruher\/"},{"@type":"ListItem","position":3,"name":"Der Feuerkorb"}]},{"@type":"WebSite","@id":"https:\/\/oudheidkamertexel.nl\/de\/#website","url":"https:\/\/oudheidkamertexel.nl\/de\/","name":"Oudheidkamer Texel","description":"","potentialAction":[{"@type":"SearchAction","target":{"@type":"EntryPoint","urlTemplate":"https:\/\/oudheidkamertexel.nl\/de\/?s={search_term_string}"},"query-input":{"@type":"PropertyValueSpecification","valueRequired":true,"valueName":"search_term_string"}}],"inLanguage":"de-DE"}]}},"_links":{"self":[{"href":"https:\/\/oudheidkamertexel.nl\/de\/wp-json\/wp\/v2\/pages\/2324","targetHints":{"allow":["GET"]}}],"collection":[{"href":"https:\/\/oudheidkamertexel.nl\/de\/wp-json\/wp\/v2\/pages"}],"about":[{"href":"https:\/\/oudheidkamertexel.nl\/de\/wp-json\/wp\/v2\/types\/page"}],"author":[{"embeddable":true,"href":"https:\/\/oudheidkamertexel.nl\/de\/wp-json\/wp\/v2\/users\/2"}],"replies":[{"embeddable":true,"href":"https:\/\/oudheidkamertexel.nl\/de\/wp-json\/wp\/v2\/comments?post=2324"}],"version-history":[{"count":1,"href":"https:\/\/oudheidkamertexel.nl\/de\/wp-json\/wp\/v2\/pages\/2324\/revisions"}],"predecessor-version":[{"id":2326,"href":"https:\/\/oudheidkamertexel.nl\/de\/wp-json\/wp\/v2\/pages\/2324\/revisions\/2326"}],"up":[{"embeddable":true,"href":"https:\/\/oudheidkamertexel.nl\/de\/wp-json\/wp\/v2\/pages\/2294"}],"wp:featuredmedia":[{"embeddable":true,"href":"https:\/\/oudheidkamertexel.nl\/de\/wp-json\/wp\/v2\/media\/1636"}],"wp:attachment":[{"href":"https:\/\/oudheidkamertexel.nl\/de\/wp-json\/wp\/v2\/media?parent=2324"}],"curies":[{"name":"wp","href":"https:\/\/api.w.org\/{rel}","templated":true}]}}