{"id":2280,"date":"2024-06-25T11:25:05","date_gmt":"2024-06-25T09:25:05","guid":{"rendered":"https:\/\/oudheidkamertexel.nl\/over-ons\/"},"modified":"2026-04-02T13:54:53","modified_gmt":"2026-04-02T11:54:53","slug":"uber-uns","status":"publish","type":"page","link":"https:\/\/oudheidkamertexel.nl\/de\/uber-uns\/","title":{"rendered":"\u00dcber uns"},"content":{"rendered":"<section class=\"wp-block  alignfull block-room  circle-shapes\" id=\"block-room-block_ea83061e99ca297bc89261a3ce966c62\">\n            <div class=\"row align-center\">\n            <div class=\"column small-12 large-8\">\n                <div class=\"text-center special-text\">\n                                            <span>\u00dcber uns<\/span>\n                                                                <h2>Oudheidkamer Texel<\/h2>\n                                        <p>Besucher k\u00f6nnen in der Oudheidkamer in das Leben der Insulaner in der Vergangenheit schauen. In diesem historischen Wohnhaus scheint die Zeit stehen geblieben zu sein. Anhand von Gebrauchsgegenst\u00e4nden und menschlichen Geschichten werden verschiedene Aspekte des d\u00f6rflichen Lebens auf Texel gezeigt, die von der fr\u00fchen Neuzeit bis zum Zweiten Weltkrieg reichen. Die pers\u00f6nliche Geschichte der Inselbewohner wird hier bewahrt und weitergegeben. Schlie\u00dflich sagen Erinnerungen und der Umgang mit der Vergangenheit viel \u00fcber uns selbst und unsere Sicht auf fr\u00fchere Zeiten aus.<\/p>\n                <\/div>\n            <\/div>\n        <\/div>\n    \n    <div class=\"row expanded small-up-1 large-up-3 \">\n            <\/div>\n<\/section>\n\n\n<section class=\"image-text wp-block alignfull image-text--image-right\" id=\"text-image-block_396a20d9bf3ecccc4ac366aae3970d47\">\n\t<div class=\"row align-middle\">\n\t\t\t\t\t<div class=\"column small-12 large-6 image-text__text-col\">\n\t\t\t\t<div class=\"px-l\">\n\t\t\t\t\t\t\t\t\t\t\t\t\t\t\t\t\t<h2 class=\"image-text__title\">Tempor\u00e4re Ausstellungen<\/h2>\n\t\t\t\t\t\t\t\t\t\t\t\t\t\t\t\t<div class=\"image-text__text\">\n\t\t\t\t\t\t\t<p>Neben der st\u00e4ndigen Einrichtung der R\u00e4ume im Haus wird im Obergeschoss der Oudheidkamer eine Wechselausstellung pr\u00e4sentiert. Darin werden jedes Mal neue Aspekte der Vergangenheit von Texel beleuchtet. In der aktuellen Wechselausstellung sind Gem\u00e4lde aus Texel vom Beginn des 20. Jahrhunderts zu sehen.<\/p>\n\t\t\t\t\t\t<\/div>\n\t\t\t\t\t\t\t\t\t\t\t\t\t\t<\/div>\n\t\t\t<\/div>\n\t\t\t\t\t\t\t<div class=\"column small-12 large-6 image-text__image-col\">\n\t\t\t\t<img class=\"image-text__image lazyload aspect-ratio-12-8\" data-src=\"https:\/\/oudheidkamertexel.nl\/wp-content\/uploads\/2026\/03\/Bovenverdieping-OHK-staand.jpg\" alt=\"\" \/>\n\t\t\t<\/div>\n\t\t\t<\/div>\n<\/section>\n\n\n<h2 class=\"wp-block-heading has-text-align-left\">Mission<\/h2>\n\n\n\n<p class=\"has-text-align-left\">Die Oudheidkamer hat sich zum Ziel gesetzt, die pers\u00f6nliche Geschichte von Texelanern f\u00fcr k\u00fcnftige Generationen zu bewahren und sie in ihrem Haus und ihren Ausstellungen sichtbar zu machen.&nbsp;<\/p>\n\n\n\n<section class=\"image-text wp-block alignfull image-text--image-left\" id=\"text-image-block_14a9a96bf8c81bf5bcb458ecc27850f2\">\n\t<div class=\"row align-middle\">\n\t\t\t\t\t<div class=\"column small-12 large-6 image-text__text-col\">\n\t\t\t\t<div class=\"px-l\">\n\t\t\t\t\t\t\t\t\t\t\t\t\t\t\t\t\t<h2 class=\"image-text__title\">Sammlung<\/h2>\n\t\t\t\t\t\t\t\t\t\t\t\t\t\t\t\t<div class=\"image-text__text\">\n\t\t\t\t\t\t\t<p>Nicht nur das Ausstellen und damit Sichtbarmachen der Sammlung, sondern auch das Bewahren der Sammlung ist eine wichtige Aufgabe des Museums. Denn die Sammlung umfasst weit mehr als den im Museum ausgestellten Teil. Das Bewahren und Verwalten der Sammlung geh\u00f6rt zu den Kernaufgaben eines jeden Museums. Dabei geht es nicht nur um die physische Sammlung; die Oudheidkamer hat sich auch zum Ziel gesetzt, Geschichten \u00fcber die Vergangenheit f\u00fcr die Zukunft zu bewahren. Um das sogenannte immaterielle Erbe zu bewahren, wurde das Projekt \u2018oral history\u2019 ins Leben gerufen. \u00c4ltere Bewohner von Texel erz\u00e4hlen Geschichten aus der Vergangenheit, die aus ihrer eigenen Erfahrung oder \u00dcberlieferung stammen. Diese Geschichten werden auf Film festgehalten.<\/p>\n\t\t\t\t\t\t<\/div>\n\t\t\t\t\t\t\t\t\t\t\t\t\t\t\t\t\t\t\t\t\t\t<a href=\"https:\/\/oudheidkamertexel.nl\/de\/die-sammlung\/\" class=\"button is-style-primary\" role=\"button\" >Mehr \u00fcber die Sammlung<\/a>\n\t\t\t\t\t\t\t\t\t<\/div>\n\t\t\t<\/div>\n\t\t\t\t\t\t\t<div class=\"column small-12 large-6 image-text__image-col\">\n\t\t\t\t<img class=\"image-text__image lazyload aspect-ratio-12-8\" data-src=\"https:\/\/oudheidkamertexel.nl\/wp-content\/uploads\/2024\/07\/overzicht-servieskast-achterkamer-22.jpg\" alt=\"Theekan en bestek in de servieskast van de achterkamer in Oudheidkamer Texel\" \/>\n\t\t\t<\/div>\n\t\t\t<\/div>\n<\/section>\n\n\n<section class=\"image-text wp-block alignfull image-text--image-right\" id=\"text-image-block_563327ccc3d1a4c8c47babf2988e1096\">\n\t<div class=\"row align-middle\">\n\t\t\t\t\t<div class=\"column small-12 large-6 image-text__text-col\">\n\t\t\t\t<div class=\"px-l\">\n\t\t\t\t\t\t\t\t\t\t\t\t\t\t\t\t\t<h2 class=\"image-text__title\">Ehrenamtliche<\/h2>\n\t\t\t\t\t\t\t\t\t\t\t\t\t\t\t\t<div class=\"image-text__text\">\n\t\t\t\t\t\t\t<p>Die Gastgeberinnen und Gastgeber der Oudheidkamer sind allesamt Ehrenamtliche. Auch die Pflege des Kr\u00e4utergartens und ein Teil der Sammlungsarbeit wird von Ehrenamtlichen \u00fcbernommen. Der Kurator des Museum Kaap Skil ist zusammen mit dem Sammlungspersonal der Stichting Texels Museum f\u00fcr die Ankaufspolitik, die Erhaltung und Verwaltung sowie die Zug\u00e4nglichkeit der Sammlung verantwortlich.<\/p>\n\t\t\t\t\t\t<\/div>\n\t\t\t\t\t\t\t\t\t\t\t\t\t\t\t\t\t\t\t\t\t\t<a href=\"https:\/\/oudheidkamertexel.nl\/de\/stellenangebote\/\" class=\"button is-style-primary\" role=\"button\" >Stellenangebote<\/a>\n\t\t\t\t\t\t\t\t\t<\/div>\n\t\t\t<\/div>\n\t\t\t\t\t\t\t<div class=\"column small-12 large-6 image-text__image-col\">\n\t\t\t\t<img class=\"image-text__image lazyload aspect-ratio-12-8\" data-src=\"https:\/\/oudheidkamertexel.nl\/wp-content\/uploads\/2024\/07\/foto-naast-tekst-lisa-tuin-27-1200x800.jpg\" alt=\"Dame kijkt in de kruidentuin van Oudheidkamer Texel\" \/>\n\t\t\t<\/div>\n\t\t\t<\/div>\n<\/section>\n\n\n<h2 class=\"wp-block-heading has-text-align-center\">Stichting Texels Museum<\/h2>\n\n\n\n<p class=\"has-text-align-center\"><a href=\"https:\/\/oudheidkamertexel.nl\/de\/\">Die Oudheidkamer<\/a> ist zusammen mit dem <a href=\"https:\/\/kaapskil.nl\/de\/\">Museum Kaap Skil<\/a>, dem <a href=\"https:\/\/vuurtorentexel.nl\/de\/\">Leuchtturm<\/a> und <a href=\"https:\/\/www.ecomare.nl\/de\/\">Ecomare <\/a>Teil der Stichting Texels Museum. Jahresberichte und Strategiepl\u00e4ne k\u00f6nnen von der STM-Website heruntergeladen werden. Die Stiftung hat den ANBI-Status und das CBF-G\u00fctesiegel, zwei Garantien f\u00fcr eine sorgf\u00e4ltige Verwendung der erhaltenen Beitr\u00e4ge.<\/p>\n\n\n<section class=\"wp-block alignfull more-items\" id=\"more-items-block_0010e83959bae8dfaf78a6df5e2dfafb\">\n\t<div class=\"row text-center align-center pb-s\">\n\t\t<div class=\"column small-12 large-6\">\n\t\t\t<h2>Mehr erfahren?<\/h2>\t\t\t\t\t<\/div> \n\t<\/div>\n\t<div class=\"row small-up-1 medium-up-2 large-up-3 flex-grow\">\n\t\t\t\t\t<div class=\"column\">\n\t\t\t\t<a href=\"https:\/\/oudheidkamertexel.nl\/de\/was-gibt-es-dort-zu-sehen\/\" class=\"card grow card--white\">\n\t\t\t\t\t<img class=\"card__image lazyload aspect-ratio-6-4\" data-src=\"https:\/\/oudheidkamertexel.nl\/wp-content\/uploads\/2024\/07\/header-jongens-carrousel-11-600x400.jpg\" alt=\"Twee jongens kijken naar het speelgoed van de generatie van hun oma in de tentoonstelling Spelen met het Verleden\" \/>\n\t\t\t\t\t<div class=\"card__content grow\">\n\t\t\t\t\t\t<h3 class=\"h4 card__title\">Was gibt es dort zu sehen?<\/h3>\n\t\t\t\t\t\t<div class=\"card__text text-grow\">\n\t\t\t\t\t\t\t<p>Ein Haus, in dem die Zeit stehen geblieben ist<\/p>\n\t\t\t\t\t\t<\/div>\n\t\t\t\t\t\t<button class=\"button card__button\"><\/button>\n\t\t\t\t\t<\/div>\n\t\t\t\t<\/a>\n\t\t\t<\/div>\n\t\t\t\t\t<div class=\"column\">\n\t\t\t\t<a href=\"https:\/\/oudheidkamertexel.nl\/de\/karten-information\/\" class=\"card grow card--white\">\n\t\t\t\t\t<img class=\"card__image lazyload aspect-ratio-6-4\" data-src=\"https:\/\/oudheidkamertexel.nl\/wp-content\/uploads\/2024\/07\/Header-over-ons--600x400.jpg\" alt=\"Detail van de deurkalf boven de entree van de Oudheidkamer\" \/>\n\t\t\t\t\t<div class=\"card__content grow\">\n\t\t\t\t\t\t<h3 class=\"h4 card__title\">Karten &amp; Information<\/h3>\n\t\t\t\t\t\t<div class=\"card__text text-grow\">\n\t\t\t\t\t\t\t<p>Karten, Information und Barrierefreiheit<\/p>\n\t\t\t\t\t\t<\/div>\n\t\t\t\t\t\t<button class=\"button card__button\"><\/button>\n\t\t\t\t\t<\/div>\n\t\t\t\t<\/a>\n\t\t\t<\/div>\n\t\t\t\t\t<div class=\"column\">\n\t\t\t\t<a href=\"https:\/\/oudheidkamertexel.nl\/de\/was-ist-hier-zu-tun\/\" class=\"card grow card--white\">\n\t\t\t\t\t<img class=\"card__image lazyload aspect-ratio-6-4\" data-src=\"https:\/\/oudheidkamertexel.nl\/wp-content\/uploads\/2026\/04\/Website-headers--600x400.png\" alt=\"\" \/>\n\t\t\t\t\t<div class=\"card__content grow\">\n\t\t\t\t\t\t<h3 class=\"h4 card__title\">Was ist hier zu tun?<\/h3>\n\t\t\t\t\t\t<div class=\"card__text text-grow\">\n\t\t\t\t\t\t\t<p>Aktivit\u00e4ten im Museum<\/p>\n\t\t\t\t\t\t<\/div>\n\t\t\t\t\t\t<button class=\"button card__button\"><\/button>\n\t\t\t\t\t<\/div>\n\t\t\t\t<\/a>\n\t\t\t<\/div>\n\t\t\t<\/div>\n<\/section>\n","protected":false},"excerpt":{"rendered":"<p>Mission und verarbeitung der Oudheidkamer<\/p>\n","protected":false},"author":2,"featured_media":1167,"parent":0,"menu_order":85,"comment_status":"closed","ping_status":"closed","template":"page-templates\/small-header-text.php","meta":{"_acf_changed":false,"footnotes":""},"class_list":["post-2280","page","type-page","status-publish","has-post-thumbnail","hentry"],"acf":[],"yoast_head":"<!-- This site is optimized with the Yoast SEO plugin v27.5 - https:\/\/yoast.com\/product\/yoast-seo-wordpress\/ -->\n<title>\u00dcber uns - Oudheidkamer Texel<\/title>\n<meta name=\"description\" content=\"Mission und verarbeitung der Oudheidkamer\" \/>\n<meta name=\"robots\" content=\"index, follow, max-snippet:-1, max-image-preview:large, max-video-preview:-1\" \/>\n<link rel=\"canonical\" href=\"https:\/\/oudheidkamertexel.nl\/de\/uber-uns\/\" \/>\n<meta property=\"og:locale\" content=\"de_DE\" \/>\n<meta property=\"og:type\" content=\"article\" \/>\n<meta property=\"og:title\" content=\"\u00dcber uns - Oudheidkamer Texel\" \/>\n<meta property=\"og:description\" content=\"Mission und verarbeitung der Oudheidkamer\" \/>\n<meta property=\"og:url\" content=\"https:\/\/oudheidkamertexel.nl\/de\/uber-uns\/\" \/>\n<meta property=\"og:site_name\" content=\"Oudheidkamer Texel\" \/>\n<meta property=\"article:modified_time\" content=\"2026-04-02T11:54:53+00:00\" \/>\n<meta property=\"og:image\" content=\"https:\/\/oudheidkamertexel.nl\/wp-content\/uploads\/2024\/07\/foto-naast-tekst-gevelbewerking-07.jpg\" \/>\n\t<meta property=\"og:image:width\" content=\"1500\" \/>\n\t<meta property=\"og:image:height\" content=\"1000\" \/>\n\t<meta property=\"og:image:type\" content=\"image\/jpeg\" \/>\n<meta name=\"twitter:card\" content=\"summary_large_image\" \/>\n<meta name=\"twitter:label1\" content=\"Est. reading time\" \/>\n\t<meta name=\"twitter:data1\" content=\"1 minute\" \/>\n<script type=\"application\/ld+json\" class=\"yoast-schema-graph\">{\"@context\":\"https:\\\/\\\/schema.org\",\"@graph\":[{\"@type\":\"WebPage\",\"@id\":\"https:\\\/\\\/oudheidkamertexel.nl\\\/de\\\/uber-uns\\\/\",\"url\":\"https:\\\/\\\/oudheidkamertexel.nl\\\/de\\\/uber-uns\\\/\",\"name\":\"\u00dcber uns - Oudheidkamer Texel\",\"isPartOf\":{\"@id\":\"https:\\\/\\\/oudheidkamertexel.nl\\\/de\\\/#website\"},\"primaryImageOfPage\":{\"@id\":\"https:\\\/\\\/oudheidkamertexel.nl\\\/de\\\/uber-uns\\\/#primaryimage\"},\"image\":{\"@id\":\"https:\\\/\\\/oudheidkamertexel.nl\\\/de\\\/uber-uns\\\/#primaryimage\"},\"thumbnailUrl\":\"https:\\\/\\\/oudheidkamertexel.nl\\\/wp-content\\\/uploads\\\/2024\\\/07\\\/foto-naast-tekst-gevelbewerking-07.jpg\",\"datePublished\":\"2024-06-25T09:25:05+00:00\",\"dateModified\":\"2026-04-02T11:54:53+00:00\",\"breadcrumb\":{\"@id\":\"https:\\\/\\\/oudheidkamertexel.nl\\\/de\\\/uber-uns\\\/#breadcrumb\"},\"inLanguage\":\"de-DE\",\"potentialAction\":[{\"@type\":\"ReadAction\",\"target\":[\"https:\\\/\\\/oudheidkamertexel.nl\\\/de\\\/uber-uns\\\/\"]}]},{\"@type\":\"ImageObject\",\"inLanguage\":\"de-DE\",\"@id\":\"https:\\\/\\\/oudheidkamertexel.nl\\\/de\\\/uber-uns\\\/#primaryimage\",\"url\":\"https:\\\/\\\/oudheidkamertexel.nl\\\/wp-content\\\/uploads\\\/2024\\\/07\\\/foto-naast-tekst-gevelbewerking-07.jpg\",\"contentUrl\":\"https:\\\/\\\/oudheidkamertexel.nl\\\/wp-content\\\/uploads\\\/2024\\\/07\\\/foto-naast-tekst-gevelbewerking-07.jpg\",\"width\":1500,\"height\":1000,\"caption\":\"Detail van de deurkalf boven de entree van de Oudheidkamer\"},{\"@type\":\"BreadcrumbList\",\"@id\":\"https:\\\/\\\/oudheidkamertexel.nl\\\/de\\\/uber-uns\\\/#breadcrumb\",\"itemListElement\":[{\"@type\":\"ListItem\",\"position\":1,\"name\":\"Home\",\"item\":\"https:\\\/\\\/oudheidkamertexel.nl\\\/de\\\/\"},{\"@type\":\"ListItem\",\"position\":2,\"name\":\"\u00dcber uns\"}]},{\"@type\":\"WebSite\",\"@id\":\"https:\\\/\\\/oudheidkamertexel.nl\\\/de\\\/#website\",\"url\":\"https:\\\/\\\/oudheidkamertexel.nl\\\/de\\\/\",\"name\":\"Oudheidkamer Texel\",\"description\":\"\",\"potentialAction\":[{\"@type\":\"SearchAction\",\"target\":{\"@type\":\"EntryPoint\",\"urlTemplate\":\"https:\\\/\\\/oudheidkamertexel.nl\\\/de\\\/?s={search_term_string}\"},\"query-input\":{\"@type\":\"PropertyValueSpecification\",\"valueRequired\":true,\"valueName\":\"search_term_string\"}}],\"inLanguage\":\"de-DE\"}]}<\/script>\n<!-- \/ Yoast SEO plugin. -->","yoast_head_json":{"title":"\u00dcber uns - Oudheidkamer Texel","description":"Mission und verarbeitung der Oudheidkamer","robots":{"index":"index","follow":"follow","max-snippet":"max-snippet:-1","max-image-preview":"max-image-preview:large","max-video-preview":"max-video-preview:-1"},"canonical":"https:\/\/oudheidkamertexel.nl\/de\/uber-uns\/","og_locale":"de_DE","og_type":"article","og_title":"\u00dcber uns - Oudheidkamer Texel","og_description":"Mission und verarbeitung der Oudheidkamer","og_url":"https:\/\/oudheidkamertexel.nl\/de\/uber-uns\/","og_site_name":"Oudheidkamer Texel","article_modified_time":"2026-04-02T11:54:53+00:00","og_image":[{"width":1500,"height":1000,"url":"https:\/\/oudheidkamertexel.nl\/wp-content\/uploads\/2024\/07\/foto-naast-tekst-gevelbewerking-07.jpg","type":"image\/jpeg"}],"twitter_card":"summary_large_image","twitter_misc":{"Est. reading time":"1 minute"},"schema":{"@context":"https:\/\/schema.org","@graph":[{"@type":"WebPage","@id":"https:\/\/oudheidkamertexel.nl\/de\/uber-uns\/","url":"https:\/\/oudheidkamertexel.nl\/de\/uber-uns\/","name":"\u00dcber uns - Oudheidkamer Texel","isPartOf":{"@id":"https:\/\/oudheidkamertexel.nl\/de\/#website"},"primaryImageOfPage":{"@id":"https:\/\/oudheidkamertexel.nl\/de\/uber-uns\/#primaryimage"},"image":{"@id":"https:\/\/oudheidkamertexel.nl\/de\/uber-uns\/#primaryimage"},"thumbnailUrl":"https:\/\/oudheidkamertexel.nl\/wp-content\/uploads\/2024\/07\/foto-naast-tekst-gevelbewerking-07.jpg","datePublished":"2024-06-25T09:25:05+00:00","dateModified":"2026-04-02T11:54:53+00:00","breadcrumb":{"@id":"https:\/\/oudheidkamertexel.nl\/de\/uber-uns\/#breadcrumb"},"inLanguage":"de-DE","potentialAction":[{"@type":"ReadAction","target":["https:\/\/oudheidkamertexel.nl\/de\/uber-uns\/"]}]},{"@type":"ImageObject","inLanguage":"de-DE","@id":"https:\/\/oudheidkamertexel.nl\/de\/uber-uns\/#primaryimage","url":"https:\/\/oudheidkamertexel.nl\/wp-content\/uploads\/2024\/07\/foto-naast-tekst-gevelbewerking-07.jpg","contentUrl":"https:\/\/oudheidkamertexel.nl\/wp-content\/uploads\/2024\/07\/foto-naast-tekst-gevelbewerking-07.jpg","width":1500,"height":1000,"caption":"Detail van de deurkalf boven de entree van de Oudheidkamer"},{"@type":"BreadcrumbList","@id":"https:\/\/oudheidkamertexel.nl\/de\/uber-uns\/#breadcrumb","itemListElement":[{"@type":"ListItem","position":1,"name":"Home","item":"https:\/\/oudheidkamertexel.nl\/de\/"},{"@type":"ListItem","position":2,"name":"\u00dcber uns"}]},{"@type":"WebSite","@id":"https:\/\/oudheidkamertexel.nl\/de\/#website","url":"https:\/\/oudheidkamertexel.nl\/de\/","name":"Oudheidkamer Texel","description":"","potentialAction":[{"@type":"SearchAction","target":{"@type":"EntryPoint","urlTemplate":"https:\/\/oudheidkamertexel.nl\/de\/?s={search_term_string}"},"query-input":{"@type":"PropertyValueSpecification","valueRequired":true,"valueName":"search_term_string"}}],"inLanguage":"de-DE"}]}},"_links":{"self":[{"href":"https:\/\/oudheidkamertexel.nl\/de\/wp-json\/wp\/v2\/pages\/2280","targetHints":{"allow":["GET"]}}],"collection":[{"href":"https:\/\/oudheidkamertexel.nl\/de\/wp-json\/wp\/v2\/pages"}],"about":[{"href":"https:\/\/oudheidkamertexel.nl\/de\/wp-json\/wp\/v2\/types\/page"}],"author":[{"embeddable":true,"href":"https:\/\/oudheidkamertexel.nl\/de\/wp-json\/wp\/v2\/users\/2"}],"replies":[{"embeddable":true,"href":"https:\/\/oudheidkamertexel.nl\/de\/wp-json\/wp\/v2\/comments?post=2280"}],"version-history":[{"count":9,"href":"https:\/\/oudheidkamertexel.nl\/de\/wp-json\/wp\/v2\/pages\/2280\/revisions"}],"predecessor-version":[{"id":2907,"href":"https:\/\/oudheidkamertexel.nl\/de\/wp-json\/wp\/v2\/pages\/2280\/revisions\/2907"}],"wp:featuredmedia":[{"embeddable":true,"href":"https:\/\/oudheidkamertexel.nl\/de\/wp-json\/wp\/v2\/media\/1167"}],"wp:attachment":[{"href":"https:\/\/oudheidkamertexel.nl\/de\/wp-json\/wp\/v2\/media?parent=2280"}],"curies":[{"name":"wp","href":"https:\/\/api.w.org\/{rel}","templated":true}]}}